{"id":6056,"date":"2023-08-21T17:19:16","date_gmt":"2023-08-21T22:19:16","guid":{"rendered":"https:\/\/dikatravelperu.travel\/?post_type=product&#038;p=6056"},"modified":"2023-08-21T17:51:35","modified_gmt":"2023-08-21T22:51:35","slug":"arequipa-con-colca-04-dias-03-noches-via-jetsmart","status":"publish","type":"product","link":"https:\/\/vamosdevaca.com\/23\/producto\/arequipa-con-colca-04-dias-03-noches-via-jetsmart\/","title":{"rendered":"Arequipa Con Colca 04 D\u00edas \u2013 03 Noches Via jetSMART"},"content":{"rendered":"<p style=\"text-align: center\"><strong>A\u00d1O NUEVO 2024<\/strong><br \/>\n<strong>IN: 29 DICIEMBRE \/ OUT: 02 ENERO<\/strong><br \/>\n<strong>AREQUIPA CON COLCA<\/strong><br \/>\n<strong>04 D\u00cdAS \/ 03 NOCHES<\/strong><\/p>\n<p><strong>ITINERARIO<\/strong><\/p>\n<h1 style=\"background: white\"><span lang=\"ES\" style=\"font-size: 10.0pt;font-family: 'Gadugi',sans-serif;color: black;text-decoration: none\">D\u00cdA 1: CITY TOUR \u2013 CONVENTO DE SANTA CATALINA<\/span><\/h1>\n<blockquote><p>Recepci\u00f3n en la ciudad de Arequipa y traslado al hotel.<br \/>\n14:00 Hrs. Iniciaremos nuestro City Tour visitando la Plaza de Armas, una de las m\u00e1s hermosas del Per\u00fa; la Catedral, un ejemplo de la arquitectura peruana durante el siglo XIX que alberga preciosos tesoros de oro y plata; y la Iglesia de La Compa\u00f1\u00eda, antiguo templo Jesuita, tal vez el m\u00e1s importante de Arequipa por su historia y tradici\u00f3n, con una hermosa fachada con columnas talladas con espirales, coronas de laureles, flores, p\u00e1jaros, etc. Luego visitaremos el convento de Santa Catalina, una \u00abpeque\u00f1a ciudad\u00bb del siglo XVII abierta al p\u00fablico en 1970 despu\u00e9s de 400 a\u00f1os de claustro, transportando a sus visitantes cuatro siglos en el pasado. Recorrer\u00e1 numerosos y espaciosos patios y jardines, la cocina y los cuartos de las esclavas y los lavaderos de piedra del convento. Retorno al hotel.<br \/>\n<strong>Noche de alojamiento. <\/strong><\/p><\/blockquote>\n<h1 style=\"background: white\"><span lang=\"ES\" style=\"font-size: 10.0pt;font-family: 'Gadugi',sans-serif;color: black;text-decoration: none\">D\u00cdA 2:\u00a0<\/span><\/h1>\n<blockquote><p><strong>03:00 Hrs. aprox<\/strong>. Recojo de hotel c\u00e9ntrico. Desayuno en Chivay, partida de Chivay hacia el Mirador \u201cCruz del C\u00f3ndor\u201d. En el trayecto tendremos una parada en el pueblo de Yanque para visitar su iglesia de corte colonial y apreciar danzas.<br \/>\n08:30 Hrs. aprox. Llegada a la Cruz del C\u00f3ndor. Desde este punto se podr\u00e1 observar el vuelo del c\u00f3ndor y adem\u00e1s la profundidad del ca\u00f1\u00f3n (4280m). En el trayecto de retorno visitaremos los peque\u00f1os pueblos y miradores. El bus nos trasladara a los relajantes Ba\u00f1os Termo Medicinales. Tiempo para almorzar en Chivay (por cuenta del pax).<br \/>\nSalida hacia Arequipa, en el trayecto visitaremos: Patapampa, punto m\u00e1s alto del recorrido considerado como el mirador de los volcanes: Volc\u00e1n Ampato, Walka Walka y el Sabancaya. (4850 m.s.n.m.) Reserva Nacional de Salinas y Aguada Blanca: donde se apreciar\u00e1 el h\u00e1bitat natural de las vicu\u00f1as.<br \/>\n17:00 Hrs. aprox. Arribo a la ciudad de Arequipa.<br \/>\n<strong>Alojamiento.<\/strong><\/p><\/blockquote>\n<h1 style=\"background: white\"><span lang=\"ES\" style=\"font-size: 10.0pt;font-family: 'Gadugi',sans-serif;color: black;text-decoration: none\">D\u00cdA 3:\u00a0<\/span><\/h1>\n<blockquote><p>Desayuno.<br \/>\nRecojo de hoteles c\u00e9ntricos e inicio de nuestro tour donde visitaremos las canteras y zonas en donde se origin\u00f3 el sillar. El primer punto en el que nos detendremos ser\u00e1 la Cantera de A\u00f1ashuayco; al cual llegaremos en 45 minutos aprox. Actualmente se encuentra en explotaci\u00f3n. Podremos apreciar a los cantereros realizando sus labores; en el lugar les contaremos la historia del sillar, la elaboraci\u00f3n y el uso que se le ha dado desde siempre. En esta cantera se podr\u00e1 apreciar un tallado de la Iglesia de la Compa\u00f1\u00eda de Jes\u00fas realizado por los propios cantereros.<br \/>\nPosteriormente nos dirigimos a la Quebrada de Culebrillas, que se encuentra a 30 minutos. Llegando a este punto haremos una caminata de aproximadamente 20 minutos dentro del peque\u00f1o ca\u00f1\u00f3n que se form\u00f3 por el paso del agua. Al final de la caminata podremos observar petroglifos hechos por la cultura Wari. Retorno.<br \/>\n<strong>Alojamiento.<\/strong><\/p><\/blockquote>\n<h1 style=\"background: white\"><span lang=\"ES\" style=\"font-size: 10.0pt;font-family: 'Gadugi',sans-serif;color: black;text-decoration: none\">D\u00cdA 4:\u00a0<\/span><\/h1>\n<blockquote><p>Desayuno.<br \/>\nA la hora oportuna traslado de salida.<\/p>\n<p><strong>FIN DE LOS SERVICIOS<\/strong><\/p><\/blockquote>\n\n    <div class=\"xs_social_share_widget xs_share_url after_content \t\tmain_content  wslu-style-2 wslu-share-box-shaped wslu-fill-colored wslu-share-m-5 wslu-none wslu-share-horizontal wslu-theme-font-no wslu-main_content\">\n\n\t\t\n        <ul>\n\t\t\t                    <li class=\"xs-share-li facebook                        wslu-no-extra-data\">\n                        <a href=\"javascript:void();\"\n                           id=\"xs_feed_facebook\"\n                           onclick=\"xs_social_sharer(this);\"\n                           data-pid=\"6056\"\n                           data-uri_hash=\"fc22405871f0df4e96975a86b8196b1f\"\n                           data-key=\"facebook\"\n                           data-xs-href=\"http:\/\/www.facebook.com\/sharer.php?u=https%3A%2F%2Fvamosdevaca.com%2F23%2Fwp-json%2Fwp%2Fv2%2Fproduct%2F6056&amp;t=Arequipa+Con+Colca+04+D%C3%ADas+%E2%80%93+03+Noches+Via+jetSMART&amp;v=3\">\n\n                            <div class=\"xs-social-icon\">\n                                <span class=\"met-social met-social-facebook\"><\/span>\n                            <\/div>\n\n\t\t\t\t\t\t\t\n                            <div class=\"wslu-hover-content\">\n                                <div class=\"xs-social-followers\">\n\t\t\t\t\t\t\t\t\t0                                <\/div>\n                                <div class=\"xs-social-follower-text\">\n\t\t\t\t\t\t\t\t\t                                <\/div>\n                                <div class=\"xs-social-follower-label\">\n\t\t\t\t\t\t\t\t\tFacebook                                <\/div>\n                            <\/div>\n                        <\/a>\n                    <\/li>\n\t\t\t\t\t                    <li class=\"xs-share-li twitter                        wslu-no-extra-data\">\n                        <a href=\"javascript:void();\"\n                           id=\"xs_feed_twitter\"\n                           onclick=\"xs_social_sharer(this);\"\n                           data-pid=\"6056\"\n                           data-uri_hash=\"fc22405871f0df4e96975a86b8196b1f\"\n                           data-key=\"twitter\"\n                           data-xs-href=\"https:\/\/twitter.com\/intent\/tweet?text=Arequipa+Con+Colca+04+D%C3%ADas+%E2%80%93+03+Noches+Via+jetSMART+https%3A%2F%2Fvamosdevaca.com%2F23%2Fwp-json%2Fwp%2Fv2%2Fproduct%2F6056&amp;original_referer=https%3A%2F%2Fvamosdevaca.com%2F23%2Fwp-json%2Fwp%2Fv2%2Fproduct%2F6056&amp;related=xpeedstudio\">\n\n                            <div class=\"xs-social-icon\">\n                                <span class=\"met-social met-social-twitter\"><\/span>\n                            <\/div>\n\n\t\t\t\t\t\t\t\n                            <div class=\"wslu-hover-content\">\n                                <div class=\"xs-social-followers\">\n\t\t\t\t\t\t\t\t\t0                                <\/div>\n                                <div class=\"xs-social-follower-text\">\n\t\t\t\t\t\t\t\t\t                                <\/div>\n                                <div class=\"xs-social-follower-label\">\n\t\t\t\t\t\t\t\t\tTwitter                                <\/div>\n                            <\/div>\n                        <\/a>\n                    <\/li>\n\t\t\t\t\t                    <li class=\"xs-share-li facebook-messenger                        wslu-no-extra-data\">\n                        <a href=\"javascript:void();\"\n                           id=\"xs_feed_facebook-messenger\"\n                           onclick=\"xs_social_sharer(this);\"\n                           data-pid=\"6056\"\n                           data-uri_hash=\"fc22405871f0df4e96975a86b8196b1f\"\n                           data-key=\"facebook-messenger\"\n                           data-xs-href=\"https:\/\/www.facebook.com\/dialog\/send?link=https%3A%2F%2Fvamosdevaca.com%2F23%2Fwp-json%2Fwp%2Fv2%2Fproduct%2F6056&amp;redirect_uri=https%3A%2F%2Fvamosdevaca.com%2F23%2Fwp-json%2Fwp%2Fv2%2Fproduct%2F6056&amp;display=popup&amp;app_id=2577123062406162\">\n\n                            <div class=\"xs-social-icon\">\n                                <span class=\"met-social met-social-facebook-messenger\"><\/span>\n                            <\/div>\n\n\t\t\t\t\t\t\t\n                            <div class=\"wslu-hover-content\">\n                                <div class=\"xs-social-followers\">\n\t\t\t\t\t\t\t\t\t0                                <\/div>\n                                <div class=\"xs-social-follower-text\">\n\t\t\t\t\t\t\t\t\t                                <\/div>\n                                <div class=\"xs-social-follower-label\">\n\t\t\t\t\t\t\t\t\tFacebook-messenger                                <\/div>\n                            <\/div>\n                        <\/a>\n                    <\/li>\n\t\t\t\t\t                    <li class=\"xs-share-li whatsapp                        wslu-no-extra-data\">\n                        <a href=\"javascript:void();\"\n                           id=\"xs_feed_whatsapp\"\n                           onclick=\"xs_social_sharer(this);\"\n                           data-pid=\"6056\"\n                           data-uri_hash=\"fc22405871f0df4e96975a86b8196b1f\"\n                           data-key=\"whatsapp\"\n                           data-xs-href=\"whatsapp:\/\/send?text=Arequipa+Con+Colca+04+D%C3%ADas+%E2%80%93+03+Noches+Via+jetSMART+https%3A%2F%2Fvamosdevaca.com%2F23%2Fwp-json%2Fwp%2Fv2%2Fproduct%2F6056\">\n\n                            <div class=\"xs-social-icon\">\n                                <span class=\"met-social met-social-whatsapp\"><\/span>\n                            <\/div>\n\n\t\t\t\t\t\t\t\n                            <div class=\"wslu-hover-content\">\n                                <div class=\"xs-social-followers\">\n\t\t\t\t\t\t\t\t\t0                                <\/div>\n                                <div class=\"xs-social-follower-text\">\n\t\t\t\t\t\t\t\t\t                                <\/div>\n                                <div class=\"xs-social-follower-label\">\n\t\t\t\t\t\t\t\t\tWhatsapp                                <\/div>\n                            <\/div>\n                        <\/a>\n                    <\/li>\n\t\t\t\t\t                    <li class=\"xs-share-li telegram                        wslu-no-extra-data\">\n                        <a href=\"javascript:void();\"\n                           id=\"xs_feed_telegram\"\n                           onclick=\"xs_social_sharer(this);\"\n                           data-pid=\"6056\"\n                           data-uri_hash=\"fc22405871f0df4e96975a86b8196b1f\"\n                           data-key=\"telegram\"\n                           data-xs-href=\"https:\/\/telegram.me\/share\/url?url=https%3A%2F%2Fvamosdevaca.com%2F23%2Fwp-json%2Fwp%2Fv2%2Fproduct%2F6056&amp;text=Arequipa+Con+Colca+04+D%C3%ADas+%E2%80%93+03+Noches+Via+jetSMART\">\n\n                            <div class=\"xs-social-icon\">\n                                <span class=\"met-social met-social-telegram\"><\/span>\n                            <\/div>\n\n\t\t\t\t\t\t\t\n                            <div class=\"wslu-hover-content\">\n                                <div class=\"xs-social-followers\">\n\t\t\t\t\t\t\t\t\t0                                <\/div>\n                                <div class=\"xs-social-follower-text\">\n\t\t\t\t\t\t\t\t\t                                <\/div>\n                                <div class=\"xs-social-follower-label\">\n\t\t\t\t\t\t\t\t\tTelegram                                <\/div>\n                            <\/div>\n                        <\/a>\n                    <\/li>\n\t\t\t\t\t                    <li class=\"xs-share-li email                        wslu-no-extra-data\">\n                        <a href=\"javascript:void();\"\n                           id=\"xs_feed_email\"\n                           onclick=\"xs_social_sharer(this);\"\n                           data-pid=\"6056\"\n                           data-uri_hash=\"fc22405871f0df4e96975a86b8196b1f\"\n                           data-key=\"email\"\n                           data-xs-href=\"mailto:?body=Title%3A+Arequipa+Con+Colca+04+D%C3%ADas+%E2%80%93+03+Noches+Via+jetSMART+%5Cn%5Cn+URL%3A+https%3A%2F%2Fvamosdevaca.com%2F23%2Fwp-json%2Fwp%2Fv2%2Fproduct%2F6056&amp;subject=Arequipa+Con+Colca+04+D%C3%ADas+%E2%80%93+03+Noches+Via+jetSMART\">\n\n                            <div class=\"xs-social-icon\">\n                                <span class=\"met-social met-social-email\"><\/span>\n                            <\/div>\n\n\t\t\t\t\t\t\t\n                            <div class=\"wslu-hover-content\">\n                                <div class=\"xs-social-followers\">\n\t\t\t\t\t\t\t\t\t0                                <\/div>\n                                <div class=\"xs-social-follower-text\">\n\t\t\t\t\t\t\t\t\t                                <\/div>\n                                <div class=\"xs-social-follower-label\">\n\t\t\t\t\t\t\t\t\tEmail                                <\/div>\n                            <\/div>\n                        <\/a>\n                    <\/li>\n\t\t\t\t\t        <\/ul>\n    <\/div> \n","protected":false},"excerpt":{"rendered":"<p>Descarga el Itinerario Completo:<\/p>\n<p><a href=\"https:\/\/dikatravelperu.travel\/wp-content\/uploads\/2023\/08\/ANO-NUEVO-AREQUIPA-CON-COLCA-04-DIAS-03-NOCHES-CON-VIA-jetSMART.docx\" target=\"_blank\" rel=\"noopener\"><img loading=\"lazy\" decoding=\"async\" class=\"alignleft wp-image-1504\" src=\"https:\/\/dikatravelperu.travel\/wp-content\/uploads\/2023\/01\/Word-300x225.png\" alt=\"\" width=\"42\" height=\"32\" srcset=\"https:\/\/vamosdevaca.com\/23\/wp-content\/uploads\/2023\/01\/Word-300x225.png 300w, https:\/\/vamosdevaca.com\/23\/wp-content\/uploads\/2023\/01\/Word-768x576.png 768w, https:\/\/vamosdevaca.com\/23\/wp-content\/uploads\/2023\/01\/Word-600x450.png 600w, https:\/\/vamosdevaca.com\/23\/wp-content\/uploads\/2023\/01\/Word.png 1000w\" sizes=\"auto, (max-width: 42px) 100vw, 42px\" \/><\/a><a href=\"https:\/\/dikatravelperu.travel\/wp-content\/uploads\/2023\/08\/ANO-NUEVO-AREQUIPA-CON-COLCA-04-DIAS-03-NOCHES-CON-VIA-jetSMART.pdf\" target=\"_blank\" rel=\"noopener\"><img loading=\"lazy\" decoding=\"async\" class=\"alignleft wp-image-1505\" src=\"https:\/\/dikatravelperu.travel\/wp-content\/uploads\/2023\/01\/3997635-300x300.png\" alt=\"\" width=\"32\" height=\"32\" srcset=\"https:\/\/vamosdevaca.com\/23\/wp-content\/uploads\/2023\/01\/3997635-300x300.png 300w, https:\/\/vamosdevaca.com\/23\/wp-content\/uploads\/2023\/01\/3997635-150x150.png 150w, https:\/\/vamosdevaca.com\/23\/wp-content\/uploads\/2023\/01\/3997635-100x100.png 100w, https:\/\/vamosdevaca.com\/23\/wp-content\/uploads\/2023\/01\/3997635.png 512w\" sizes=\"auto, (max-width: 32px) 100vw, 32px\" \/><\/a> <img loading=\"lazy\" decoding=\"async\" class=\" wp-image-1647 alignleft\" src=\"https:\/\/dikatravelperu.travel\/wp-content\/uploads\/2023\/01\/Imagen-300x300.png\" alt=\"\" width=\"35\" height=\"35\" srcset=\"https:\/\/vamosdevaca.com\/23\/wp-content\/uploads\/2023\/01\/Imagen-300x300.png 300w, https:\/\/vamosdevaca.com\/23\/wp-content\/uploads\/2023\/01\/Imagen-150x150.png 150w, https:\/\/vamosdevaca.com\/23\/wp-content\/uploads\/2023\/01\/Imagen-100x100.png 100w, https:\/\/vamosdevaca.com\/23\/wp-content\/uploads\/2023\/01\/Imagen.png 512w\" sizes=\"auto, (max-width: 35px) 100vw, 35px\" \/><\/p>\n<p><a href=\"https:\/\/wa.me\/51987540596\" target=\"_blank\" rel=\"noopener\"><img loading=\"lazy\" decoding=\"async\" class=\"alignleft wp-image-1681\" src=\"https:\/\/dikatravelperu.travel\/wp-content\/uploads\/2023\/01\/Whats-App-Logo-293x300.png\" alt=\"Whats App Logo\" width=\"36\" height=\"37\" srcset=\"https:\/\/vamosdevaca.com\/23\/wp-content\/uploads\/2023\/01\/Whats-App-Logo-293x300.png 293w, https:\/\/vamosdevaca.com\/23\/wp-content\/uploads\/2023\/01\/Whats-App-Logo-150x150.png 150w, https:\/\/vamosdevaca.com\/23\/wp-content\/uploads\/2023\/01\/Whats-App-Logo-768x786.png 768w, https:\/\/vamosdevaca.com\/23\/wp-content\/uploads\/2023\/01\/Whats-App-Logo-600x614.png 600w, https:\/\/vamosdevaca.com\/23\/wp-content\/uploads\/2023\/01\/Whats-App-Logo-300x300.png 300w, https:\/\/vamosdevaca.com\/23\/wp-content\/uploads\/2023\/01\/Whats-App-Logo-100x100.png 100w, https:\/\/vamosdevaca.com\/23\/wp-content\/uploads\/2023\/01\/Whats-App-Logo.png 1000w\" sizes=\"auto, (max-width: 36px) 100vw, 36px\" \/><\/a><\/p>\n<p>&nbsp;<\/p>\n<ul>\n<li>Precio por habitaci\u00f3n, expresado en d\u00f3lares americanos.<br \/>\nConfirmaci\u00f3n sujeta a disponibilidad hotelera.<\/li>\n<\/ul>\n","protected":false},"featured_media":6063,"template":"","meta":{"_joinchat":[]},"product_cat":[227,245,223],"product_tag":[],"class_list":{"0":"post-6056","1":"product","2":"type-product","3":"status-publish","4":"has-post-thumbnail","5":"hentry","6":"product_cat-ano-nuevo-salidas-confirmadas","7":"product_cat-con-aereos-fp","8":"product_cat-salidas-confirmadas","10":"entry","11":"has-media","12":"owp-thumbs-layout-horizontal","13":"owp-btn-very-big","14":"owp-tabs-layout-horizontal","15":"has-no-thumbnails"},"yoast_head":"<!-- This site is optimized with the Yoast SEO plugin v21.5 - https:\/\/yoast.com\/wordpress\/plugins\/seo\/ -->\n<title>Arequipa Con Colca 04 D\u00edas \u2013 03 Noches Via jetSMART - Dika Travel Per\u00fa Dika Travel Per\u00fa %<\/title>\n<meta name=\"description\" content=\"Explora el impresionante Ca\u00f1\u00f3n del Colca, uno de los ca\u00f1ones m\u00e1s profundos del mundo. Observa el majestuoso vuelo del c\u00f3ndor andino\" \/>\n<meta name=\"robots\" content=\"index, follow, max-snippet:-1, max-image-preview:large, max-video-preview:-1\" \/>\n<link rel=\"canonical\" href=\"https:\/\/vamosdevaca.com\/23\/producto\/arequipa-con-colca-04-dias-03-noches-via-jetsmart\/\" \/>\n<meta property=\"og:locale\" content=\"es_ES\" \/>\n<meta property=\"og:type\" content=\"article\" \/>\n<meta property=\"og:title\" content=\"Arequipa Con Colca 04 D\u00edas \u2013 03 Noches Via jetSMART - Dika Travel Per\u00fa Dika Travel Per\u00fa %\" \/>\n<meta property=\"og:description\" content=\"Explora el impresionante Ca\u00f1\u00f3n del Colca, uno de los ca\u00f1ones m\u00e1s profundos del mundo. Observa el majestuoso vuelo del c\u00f3ndor andino\" \/>\n<meta property=\"og:url\" content=\"https:\/\/vamosdevaca.com\/23\/producto\/arequipa-con-colca-04-dias-03-noches-via-jetsmart\/\" \/>\n<meta property=\"og:site_name\" content=\"Dika Travel Per\u00fa\" \/>\n<meta property=\"article:modified_time\" content=\"2023-08-21T22:51:35+00:00\" \/>\n<meta property=\"og:image\" content=\"https:\/\/vamosdevaca.com\/23\/wp-content\/uploads\/2023\/08\/CANON-DE-COLCA-SOLO.jpg\" \/>\n\t<meta property=\"og:image:width\" content=\"614\" \/>\n\t<meta property=\"og:image:height\" content=\"565\" \/>\n\t<meta property=\"og:image:type\" content=\"image\/jpeg\" \/>\n<meta name=\"twitter:card\" content=\"summary_large_image\" \/>\n<meta name=\"twitter:label1\" content=\"Tiempo de lectura\" \/>\n\t<meta name=\"twitter:data1\" content=\"1 minuto\" \/>\n<script type=\"application\/ld+json\" class=\"yoast-schema-graph\">{\"@context\":\"https:\/\/schema.org\",\"@graph\":[{\"@type\":\"WebPage\",\"@id\":\"https:\/\/vamosdevaca.com\/23\/producto\/arequipa-con-colca-04-dias-03-noches-via-jetsmart\/\",\"url\":\"https:\/\/vamosdevaca.com\/23\/producto\/arequipa-con-colca-04-dias-03-noches-via-jetsmart\/\",\"name\":\"Arequipa Con Colca 04 D\u00edas \u2013 03 Noches Via jetSMART - Dika Travel Per\u00fa Dika Travel Per\u00fa %\",\"isPartOf\":{\"@id\":\"https:\/\/vamosdevaca.com\/23\/#website\"},\"datePublished\":\"2023-08-21T22:19:16+00:00\",\"dateModified\":\"2023-08-21T22:51:35+00:00\",\"description\":\"Explora el impresionante Ca\u00f1\u00f3n del Colca, uno de los ca\u00f1ones m\u00e1s profundos del mundo. Observa el majestuoso vuelo del c\u00f3ndor andino\",\"breadcrumb\":{\"@id\":\"https:\/\/vamosdevaca.com\/23\/producto\/arequipa-con-colca-04-dias-03-noches-via-jetsmart\/#breadcrumb\"},\"inLanguage\":\"es\",\"potentialAction\":[{\"@type\":\"ReadAction\",\"target\":[\"https:\/\/vamosdevaca.com\/23\/producto\/arequipa-con-colca-04-dias-03-noches-via-jetsmart\/\"]}]},{\"@type\":\"BreadcrumbList\",\"@id\":\"https:\/\/vamosdevaca.com\/23\/producto\/arequipa-con-colca-04-dias-03-noches-via-jetsmart\/#breadcrumb\",\"itemListElement\":[{\"@type\":\"ListItem\",\"position\":1,\"name\":\"Portada\",\"item\":\"https:\/\/vamosdevaca.com\/23\/\"},{\"@type\":\"ListItem\",\"position\":2,\"name\":\"Tienda\",\"item\":\"https:\/\/vamosdevaca.com\/23\/tienda\/\"},{\"@type\":\"ListItem\",\"position\":3,\"name\":\"Arequipa Con Colca 04 D\u00edas \u2013 03 Noches Via jetSMART\"}]},{\"@type\":\"WebSite\",\"@id\":\"https:\/\/vamosdevaca.com\/23\/#website\",\"url\":\"https:\/\/vamosdevaca.com\/23\/\",\"name\":\"Dika Travel Per\u00fa\",\"description\":\"Agencia Mayorista de Turismo Receptivo\",\"publisher\":{\"@id\":\"https:\/\/vamosdevaca.com\/23\/#organization\"},\"potentialAction\":[{\"@type\":\"SearchAction\",\"target\":{\"@type\":\"EntryPoint\",\"urlTemplate\":\"https:\/\/vamosdevaca.com\/23\/?s={search_term_string}\"},\"query-input\":\"required name=search_term_string\"}],\"inLanguage\":\"es\"},{\"@type\":\"Organization\",\"@id\":\"https:\/\/vamosdevaca.com\/23\/#organization\",\"name\":\"Dika Travel Per\u00fa\",\"url\":\"https:\/\/vamosdevaca.com\/23\/\",\"logo\":{\"@type\":\"ImageObject\",\"inLanguage\":\"es\",\"@id\":\"https:\/\/vamosdevaca.com\/23\/#\/schema\/logo\/image\/\",\"url\":\"https:\/\/dikatravelperu.travel\/wp-content\/uploads\/2023\/01\/cropped-Dika-Travel-peru-1.jpg\",\"contentUrl\":\"https:\/\/dikatravelperu.travel\/wp-content\/uploads\/2023\/01\/cropped-Dika-Travel-peru-1.jpg\",\"width\":512,\"height\":512,\"caption\":\"Dika Travel Per\u00fa\"},\"image\":{\"@id\":\"https:\/\/vamosdevaca.com\/23\/#\/schema\/logo\/image\/\"}}]}<\/script>\n<!-- \/ Yoast SEO plugin. -->","yoast_head_json":{"title":"Arequipa Con Colca 04 D\u00edas \u2013 03 Noches Via jetSMART - Dika Travel Per\u00fa Dika Travel Per\u00fa %","description":"Explora el impresionante Ca\u00f1\u00f3n del Colca, uno de los ca\u00f1ones m\u00e1s profundos del mundo. Observa el majestuoso vuelo del c\u00f3ndor andino","robots":{"index":"index","follow":"follow","max-snippet":"max-snippet:-1","max-image-preview":"max-image-preview:large","max-video-preview":"max-video-preview:-1"},"canonical":"https:\/\/vamosdevaca.com\/23\/producto\/arequipa-con-colca-04-dias-03-noches-via-jetsmart\/","og_locale":"es_ES","og_type":"article","og_title":"Arequipa Con Colca 04 D\u00edas \u2013 03 Noches Via jetSMART - Dika Travel Per\u00fa Dika Travel Per\u00fa %","og_description":"Explora el impresionante Ca\u00f1\u00f3n del Colca, uno de los ca\u00f1ones m\u00e1s profundos del mundo. Observa el majestuoso vuelo del c\u00f3ndor andino","og_url":"https:\/\/vamosdevaca.com\/23\/producto\/arequipa-con-colca-04-dias-03-noches-via-jetsmart\/","og_site_name":"Dika Travel Per\u00fa","article_modified_time":"2023-08-21T22:51:35+00:00","og_image":[{"width":614,"height":565,"url":"https:\/\/vamosdevaca.com\/23\/wp-content\/uploads\/2023\/08\/CANON-DE-COLCA-SOLO.jpg","type":"image\/jpeg"}],"twitter_card":"summary_large_image","twitter_misc":{"Tiempo de lectura":"1 minuto"},"schema":{"@context":"https:\/\/schema.org","@graph":[{"@type":"WebPage","@id":"https:\/\/vamosdevaca.com\/23\/producto\/arequipa-con-colca-04-dias-03-noches-via-jetsmart\/","url":"https:\/\/vamosdevaca.com\/23\/producto\/arequipa-con-colca-04-dias-03-noches-via-jetsmart\/","name":"Arequipa Con Colca 04 D\u00edas \u2013 03 Noches Via jetSMART - Dika Travel Per\u00fa Dika Travel Per\u00fa %","isPartOf":{"@id":"https:\/\/vamosdevaca.com\/23\/#website"},"datePublished":"2023-08-21T22:19:16+00:00","dateModified":"2023-08-21T22:51:35+00:00","description":"Explora el impresionante Ca\u00f1\u00f3n del Colca, uno de los ca\u00f1ones m\u00e1s profundos del mundo. Observa el majestuoso vuelo del c\u00f3ndor andino","breadcrumb":{"@id":"https:\/\/vamosdevaca.com\/23\/producto\/arequipa-con-colca-04-dias-03-noches-via-jetsmart\/#breadcrumb"},"inLanguage":"es","potentialAction":[{"@type":"ReadAction","target":["https:\/\/vamosdevaca.com\/23\/producto\/arequipa-con-colca-04-dias-03-noches-via-jetsmart\/"]}]},{"@type":"BreadcrumbList","@id":"https:\/\/vamosdevaca.com\/23\/producto\/arequipa-con-colca-04-dias-03-noches-via-jetsmart\/#breadcrumb","itemListElement":[{"@type":"ListItem","position":1,"name":"Portada","item":"https:\/\/vamosdevaca.com\/23\/"},{"@type":"ListItem","position":2,"name":"Tienda","item":"https:\/\/vamosdevaca.com\/23\/tienda\/"},{"@type":"ListItem","position":3,"name":"Arequipa Con Colca 04 D\u00edas \u2013 03 Noches Via jetSMART"}]},{"@type":"WebSite","@id":"https:\/\/vamosdevaca.com\/23\/#website","url":"https:\/\/vamosdevaca.com\/23\/","name":"Dika Travel Per\u00fa","description":"Agencia Mayorista de Turismo Receptivo","publisher":{"@id":"https:\/\/vamosdevaca.com\/23\/#organization"},"potentialAction":[{"@type":"SearchAction","target":{"@type":"EntryPoint","urlTemplate":"https:\/\/vamosdevaca.com\/23\/?s={search_term_string}"},"query-input":"required name=search_term_string"}],"inLanguage":"es"},{"@type":"Organization","@id":"https:\/\/vamosdevaca.com\/23\/#organization","name":"Dika Travel Per\u00fa","url":"https:\/\/vamosdevaca.com\/23\/","logo":{"@type":"ImageObject","inLanguage":"es","@id":"https:\/\/vamosdevaca.com\/23\/#\/schema\/logo\/image\/","url":"https:\/\/dikatravelperu.travel\/wp-content\/uploads\/2023\/01\/cropped-Dika-Travel-peru-1.jpg","contentUrl":"https:\/\/dikatravelperu.travel\/wp-content\/uploads\/2023\/01\/cropped-Dika-Travel-peru-1.jpg","width":512,"height":512,"caption":"Dika Travel Per\u00fa"},"image":{"@id":"https:\/\/vamosdevaca.com\/23\/#\/schema\/logo\/image\/"}}]}},"_links":{"self":[{"href":"https:\/\/vamosdevaca.com\/23\/wp-json\/wp\/v2\/product\/6056","targetHints":{"allow":["GET"]}}],"collection":[{"href":"https:\/\/vamosdevaca.com\/23\/wp-json\/wp\/v2\/product"}],"about":[{"href":"https:\/\/vamosdevaca.com\/23\/wp-json\/wp\/v2\/types\/product"}],"wp:featuredmedia":[{"embeddable":true,"href":"https:\/\/vamosdevaca.com\/23\/wp-json\/wp\/v2\/media\/6063"}],"wp:attachment":[{"href":"https:\/\/vamosdevaca.com\/23\/wp-json\/wp\/v2\/media?parent=6056"}],"wp:term":[{"taxonomy":"product_cat","embeddable":true,"href":"https:\/\/vamosdevaca.com\/23\/wp-json\/wp\/v2\/product_cat?post=6056"},{"taxonomy":"product_tag","embeddable":true,"href":"https:\/\/vamosdevaca.com\/23\/wp-json\/wp\/v2\/product_tag?post=6056"}],"curies":[{"name":"wp","href":"https:\/\/api.w.org\/{rel}","templated":true}]}}