{"id":6311,"date":"2023-08-29T18:34:13","date_gmt":"2023-08-29T23:34:13","guid":{"rendered":"https:\/\/dikatravelperu.travel\/?post_type=product&#038;p=6311"},"modified":"2023-09-01T12:40:51","modified_gmt":"2023-09-01T17:40:51","slug":"cusco-urbano-05-dias-04-noches-via-sky","status":"publish","type":"product","link":"https:\/\/vamosdevaca.com\/23\/producto\/cusco-urbano-05-dias-04-noches-via-sky\/","title":{"rendered":"Cusco Urbano 05 D\u00edas \u2013 04 Noches V\u00eda Sky"},"content":{"rendered":"<p style=\"text-align: center\"><strong>A\u00d1O NUEVO 2024<\/strong><br \/>\n<strong>IN: 29 DICIEMBRE \u2013 OUT: 02 ENERO<\/strong><br \/>\n<strong>CUSCO URBANO<\/strong><br \/>\n<strong>05 D\u00cdAS- 04 NOCHES<\/strong><\/p>\n<p style=\"text-align: left\"><strong>ITINERARIO<\/strong><\/p>\n<h1 style=\"background: white\"><span lang=\"ES\" style=\"font-size: 10.0pt;font-family: 'Gadugi',sans-serif;color: black;text-decoration: none\">D\u00cdA 1:-<\/span><\/h1>\n<blockquote><p>Arribo a la ciudad de Cusco. Recepci\u00f3n y traslado al hotel seleccionado.<br \/>\nNoche de alojamiento<\/p><\/blockquote>\n<h1 style=\"background: white\"><span lang=\"ES\" style=\"font-size: 10.0pt;font-family: 'Gadugi',sans-serif;color: black;text-decoration: none\">\u00a0\u00a0DIA 2:- CITY TOUR + RUINAS CERCANAS<\/span><\/h1>\n<blockquote><p>Desayuno.<br \/>\n<strong>09:30Hrs<\/strong> Iniciar\u00e1 el recorrido en el Qoricancha, legendario Templo del Sol y principal lugar ceremonial del Imperio Incaico, que, junto con el Convento de Santo Domingo, lucen una fascinante combinaci\u00f3n de arquitectura Inca y colonial. Luego subir\u00e1 hacia las alturas de la ciudad, al impresionante complejo arqueol\u00f3gico de Sacsayhuaman, una de las mayores obras de los Incas, donde se encuentran gigantescos muros de piedras megal\u00edticas perfectamente colocadas, y se aprecian las mejores vistas de la ciudad de Cusco. De all\u00ed visitamos Quenko, lugar antiguo de ceremonias y sacrificios, seguido del puesto militar Inca de Pucapucara (o piedra roja). Tomar\u00e1 un descanso en un centro artesanal para disfrutar de nuestro T\u00e9 del Inka, un agradable momento de refrigerio. Finalmente, visitar\u00e1 TamboMachay, la Fuente del Inca, lugar antiguo de veneraci\u00f3n al agua y las lluvias. Retorno al hotel.<br \/>\n<strong>Alojamiento en Cusco.<\/strong><\/p><\/blockquote>\n<h1 style=\"background: white\"><span lang=\"ES\" style=\"font-size: 10.0pt;font-family: 'Gadugi',sans-serif;color: black;text-decoration: none\">\u00a0\u00a0DIA 3:- DIA LIBRE<\/span><\/h1>\n<blockquote><p>Desayuno.<br \/>\nD\u00eda Libre.<br \/>\n<strong>Noche de alojamiento.<\/strong><\/p><\/blockquote>\n<h1 style=\"background: white\"><span lang=\"ES\" style=\"font-size: 10.0pt;font-family: 'Gadugi',sans-serif;color: black;text-decoration: none\">\u00a0\u00a0DIA 4:- DIA LIBRE<\/span><\/h1>\n<blockquote><p>Desayuno.<br \/>\nD\u00eda Libre.<br \/>\n<em>Noche de alojamiento.<\/em><\/p><\/blockquote>\n<h1 style=\"background: white\"><span lang=\"ES\" style=\"font-size: 10.0pt;font-family: 'Gadugi',sans-serif;color: black;text-decoration: none\">\u00a0\u00a0DIA 5:- DIA LIBRE<\/span><\/h1>\n<blockquote><p>Desayuno.<br \/>\nHora oportuna traslado de salida.<\/p>\n<p><strong>FIN DE LOS SERVICIOS<\/strong><\/p><\/blockquote>\n\n    <div class=\"xs_social_share_widget xs_share_url after_content \t\tmain_content  wslu-style-2 wslu-share-box-shaped wslu-fill-colored wslu-share-m-5 wslu-none wslu-share-horizontal wslu-theme-font-no wslu-main_content\">\n\n\t\t\n        <ul>\n\t\t\t                    <li class=\"xs-share-li facebook                        wslu-no-extra-data\">\n                        <a href=\"javascript:void();\"\n                           id=\"xs_feed_facebook\"\n                           onclick=\"xs_social_sharer(this);\"\n                           data-pid=\"6311\"\n                           data-uri_hash=\"5e915c3af9e2de1e2b3a3162fb0114c4\"\n                           data-key=\"facebook\"\n                           data-xs-href=\"http:\/\/www.facebook.com\/sharer.php?u=https%3A%2F%2Fvamosdevaca.com%2F23%2Fwp-json%2Fwp%2Fv2%2Fproduct%2F6311&amp;t=Cusco+Urbano+05+D%C3%ADas+%E2%80%93+04+Noches+V%C3%ADa+Sky&amp;v=3\">\n\n                            <div class=\"xs-social-icon\">\n                                <span class=\"met-social met-social-facebook\"><\/span>\n                            <\/div>\n\n\t\t\t\t\t\t\t\n                            <div class=\"wslu-hover-content\">\n                                <div class=\"xs-social-followers\">\n\t\t\t\t\t\t\t\t\t0                                <\/div>\n                                <div class=\"xs-social-follower-text\">\n\t\t\t\t\t\t\t\t\t                                <\/div>\n                                <div class=\"xs-social-follower-label\">\n\t\t\t\t\t\t\t\t\tFacebook                                <\/div>\n                            <\/div>\n                        <\/a>\n                    <\/li>\n\t\t\t\t\t                    <li class=\"xs-share-li twitter                        wslu-no-extra-data\">\n                        <a href=\"javascript:void();\"\n                           id=\"xs_feed_twitter\"\n                           onclick=\"xs_social_sharer(this);\"\n                           data-pid=\"6311\"\n                           data-uri_hash=\"5e915c3af9e2de1e2b3a3162fb0114c4\"\n                           data-key=\"twitter\"\n                           data-xs-href=\"https:\/\/twitter.com\/intent\/tweet?text=Cusco+Urbano+05+D%C3%ADas+%E2%80%93+04+Noches+V%C3%ADa+Sky+https%3A%2F%2Fvamosdevaca.com%2F23%2Fwp-json%2Fwp%2Fv2%2Fproduct%2F6311&amp;original_referer=https%3A%2F%2Fvamosdevaca.com%2F23%2Fwp-json%2Fwp%2Fv2%2Fproduct%2F6311&amp;related=xpeedstudio\">\n\n                            <div class=\"xs-social-icon\">\n                                <span class=\"met-social met-social-twitter\"><\/span>\n                            <\/div>\n\n\t\t\t\t\t\t\t\n                            <div class=\"wslu-hover-content\">\n                                <div class=\"xs-social-followers\">\n\t\t\t\t\t\t\t\t\t0                                <\/div>\n                                <div class=\"xs-social-follower-text\">\n\t\t\t\t\t\t\t\t\t                                <\/div>\n                                <div class=\"xs-social-follower-label\">\n\t\t\t\t\t\t\t\t\tTwitter                                <\/div>\n                            <\/div>\n                        <\/a>\n                    <\/li>\n\t\t\t\t\t                    <li class=\"xs-share-li facebook-messenger                        wslu-no-extra-data\">\n                        <a href=\"javascript:void();\"\n                           id=\"xs_feed_facebook-messenger\"\n                           onclick=\"xs_social_sharer(this);\"\n                           data-pid=\"6311\"\n                           data-uri_hash=\"5e915c3af9e2de1e2b3a3162fb0114c4\"\n                           data-key=\"facebook-messenger\"\n                           data-xs-href=\"https:\/\/www.facebook.com\/dialog\/send?link=https%3A%2F%2Fvamosdevaca.com%2F23%2Fwp-json%2Fwp%2Fv2%2Fproduct%2F6311&amp;redirect_uri=https%3A%2F%2Fvamosdevaca.com%2F23%2Fwp-json%2Fwp%2Fv2%2Fproduct%2F6311&amp;display=popup&amp;app_id=2577123062406162\">\n\n                            <div class=\"xs-social-icon\">\n                                <span class=\"met-social met-social-facebook-messenger\"><\/span>\n                            <\/div>\n\n\t\t\t\t\t\t\t\n                            <div class=\"wslu-hover-content\">\n                                <div class=\"xs-social-followers\">\n\t\t\t\t\t\t\t\t\t0                                <\/div>\n                                <div class=\"xs-social-follower-text\">\n\t\t\t\t\t\t\t\t\t                                <\/div>\n                                <div class=\"xs-social-follower-label\">\n\t\t\t\t\t\t\t\t\tFacebook-messenger                                <\/div>\n                            <\/div>\n                        <\/a>\n                    <\/li>\n\t\t\t\t\t                    <li class=\"xs-share-li whatsapp                        wslu-no-extra-data\">\n                        <a href=\"javascript:void();\"\n                           id=\"xs_feed_whatsapp\"\n                           onclick=\"xs_social_sharer(this);\"\n                           data-pid=\"6311\"\n                           data-uri_hash=\"5e915c3af9e2de1e2b3a3162fb0114c4\"\n                           data-key=\"whatsapp\"\n                           data-xs-href=\"whatsapp:\/\/send?text=Cusco+Urbano+05+D%C3%ADas+%E2%80%93+04+Noches+V%C3%ADa+Sky+https%3A%2F%2Fvamosdevaca.com%2F23%2Fwp-json%2Fwp%2Fv2%2Fproduct%2F6311\">\n\n                            <div class=\"xs-social-icon\">\n                                <span class=\"met-social met-social-whatsapp\"><\/span>\n                            <\/div>\n\n\t\t\t\t\t\t\t\n                            <div class=\"wslu-hover-content\">\n                                <div class=\"xs-social-followers\">\n\t\t\t\t\t\t\t\t\t0                                <\/div>\n                                <div class=\"xs-social-follower-text\">\n\t\t\t\t\t\t\t\t\t                                <\/div>\n                                <div class=\"xs-social-follower-label\">\n\t\t\t\t\t\t\t\t\tWhatsapp                                <\/div>\n                            <\/div>\n                        <\/a>\n                    <\/li>\n\t\t\t\t\t                    <li class=\"xs-share-li telegram                        wslu-no-extra-data\">\n                        <a href=\"javascript:void();\"\n                           id=\"xs_feed_telegram\"\n                           onclick=\"xs_social_sharer(this);\"\n                           data-pid=\"6311\"\n                           data-uri_hash=\"5e915c3af9e2de1e2b3a3162fb0114c4\"\n                           data-key=\"telegram\"\n                           data-xs-href=\"https:\/\/telegram.me\/share\/url?url=https%3A%2F%2Fvamosdevaca.com%2F23%2Fwp-json%2Fwp%2Fv2%2Fproduct%2F6311&amp;text=Cusco+Urbano+05+D%C3%ADas+%E2%80%93+04+Noches+V%C3%ADa+Sky\">\n\n                            <div class=\"xs-social-icon\">\n                                <span class=\"met-social met-social-telegram\"><\/span>\n                            <\/div>\n\n\t\t\t\t\t\t\t\n                            <div class=\"wslu-hover-content\">\n                                <div class=\"xs-social-followers\">\n\t\t\t\t\t\t\t\t\t0                                <\/div>\n                                <div class=\"xs-social-follower-text\">\n\t\t\t\t\t\t\t\t\t                                <\/div>\n                                <div class=\"xs-social-follower-label\">\n\t\t\t\t\t\t\t\t\tTelegram                                <\/div>\n                            <\/div>\n                        <\/a>\n                    <\/li>\n\t\t\t\t\t                    <li class=\"xs-share-li email                        wslu-no-extra-data\">\n                        <a href=\"javascript:void();\"\n                           id=\"xs_feed_email\"\n                           onclick=\"xs_social_sharer(this);\"\n                           data-pid=\"6311\"\n                           data-uri_hash=\"5e915c3af9e2de1e2b3a3162fb0114c4\"\n                           data-key=\"email\"\n                           data-xs-href=\"mailto:?body=Title%3A+Cusco+Urbano+05+D%C3%ADas+%E2%80%93+04+Noches+V%C3%ADa+Sky+%5Cn%5Cn+URL%3A+https%3A%2F%2Fvamosdevaca.com%2F23%2Fwp-json%2Fwp%2Fv2%2Fproduct%2F6311&amp;subject=Cusco+Urbano+05+D%C3%ADas+%E2%80%93+04+Noches+V%C3%ADa+Sky\">\n\n                            <div class=\"xs-social-icon\">\n                                <span class=\"met-social met-social-email\"><\/span>\n                            <\/div>\n\n\t\t\t\t\t\t\t\n                            <div class=\"wslu-hover-content\">\n                                <div class=\"xs-social-followers\">\n\t\t\t\t\t\t\t\t\t0                                <\/div>\n                                <div class=\"xs-social-follower-text\">\n\t\t\t\t\t\t\t\t\t                                <\/div>\n                                <div class=\"xs-social-follower-label\">\n\t\t\t\t\t\t\t\t\tEmail                                <\/div>\n                            <\/div>\n                        <\/a>\n                    <\/li>\n\t\t\t\t\t        <\/ul>\n    <\/div> \n","protected":false},"excerpt":{"rendered":"<p>Descarga el Itinerario Completo:<\/p>\n<p><a href=\"https:\/\/dikatravelperu.travel\/wp-content\/uploads\/2023\/08\/ANO-NUEVO-CUSCO-URBANO-05D-04N-Via-Sky.docx\" target=\"_blank\" rel=\"noopener\"><img loading=\"lazy\" decoding=\"async\" class=\"alignleft wp-image-1504\" src=\"https:\/\/dikatravelperu.travel\/wp-content\/uploads\/2023\/01\/Word-300x225.png\" alt=\"\" width=\"42\" height=\"32\" srcset=\"https:\/\/vamosdevaca.com\/23\/wp-content\/uploads\/2023\/01\/Word-300x225.png 300w, https:\/\/vamosdevaca.com\/23\/wp-content\/uploads\/2023\/01\/Word-768x576.png 768w, https:\/\/vamosdevaca.com\/23\/wp-content\/uploads\/2023\/01\/Word-600x450.png 600w, https:\/\/vamosdevaca.com\/23\/wp-content\/uploads\/2023\/01\/Word.png 1000w\" sizes=\"auto, (max-width: 42px) 100vw, 42px\" \/><\/a><a href=\"https:\/\/dikatravelperu.travel\/wp-content\/uploads\/2023\/08\/ANO-NUEVO-CUSCO-URBANO-05D-04N-Via-Sky.pdf\" target=\"_blank\" rel=\"noopener\"><img loading=\"lazy\" decoding=\"async\" class=\"alignleft wp-image-1505\" src=\"https:\/\/dikatravelperu.travel\/wp-content\/uploads\/2023\/01\/3997635-300x300.png\" alt=\"\" width=\"32\" height=\"32\" srcset=\"https:\/\/vamosdevaca.com\/23\/wp-content\/uploads\/2023\/01\/3997635-300x300.png 300w, https:\/\/vamosdevaca.com\/23\/wp-content\/uploads\/2023\/01\/3997635-150x150.png 150w, https:\/\/vamosdevaca.com\/23\/wp-content\/uploads\/2023\/01\/3997635-100x100.png 100w, https:\/\/vamosdevaca.com\/23\/wp-content\/uploads\/2023\/01\/3997635.png 512w\" sizes=\"auto, (max-width: 32px) 100vw, 32px\" \/><\/a> <img loading=\"lazy\" decoding=\"async\" class=\" wp-image-1647 alignleft\" src=\"https:\/\/dikatravelperu.travel\/wp-content\/uploads\/2023\/01\/Imagen-300x300.png\" alt=\"\" width=\"35\" height=\"35\" srcset=\"https:\/\/vamosdevaca.com\/23\/wp-content\/uploads\/2023\/01\/Imagen-300x300.png 300w, https:\/\/vamosdevaca.com\/23\/wp-content\/uploads\/2023\/01\/Imagen-150x150.png 150w, https:\/\/vamosdevaca.com\/23\/wp-content\/uploads\/2023\/01\/Imagen-100x100.png 100w, https:\/\/vamosdevaca.com\/23\/wp-content\/uploads\/2023\/01\/Imagen.png 512w\" sizes=\"auto, (max-width: 35px) 100vw, 35px\" \/><\/p>\n<p><a href=\"https:\/\/wa.me\/51987540596\" target=\"_blank\" rel=\"noopener\"><img loading=\"lazy\" decoding=\"async\" class=\"alignleft wp-image-1681\" src=\"https:\/\/dikatravelperu.travel\/wp-content\/uploads\/2023\/01\/Whats-App-Logo-293x300.png\" alt=\"Whats App Logo\" width=\"36\" height=\"37\" srcset=\"https:\/\/vamosdevaca.com\/23\/wp-content\/uploads\/2023\/01\/Whats-App-Logo-293x300.png 293w, https:\/\/vamosdevaca.com\/23\/wp-content\/uploads\/2023\/01\/Whats-App-Logo-150x150.png 150w, https:\/\/vamosdevaca.com\/23\/wp-content\/uploads\/2023\/01\/Whats-App-Logo-768x786.png 768w, https:\/\/vamosdevaca.com\/23\/wp-content\/uploads\/2023\/01\/Whats-App-Logo-600x614.png 600w, https:\/\/vamosdevaca.com\/23\/wp-content\/uploads\/2023\/01\/Whats-App-Logo-300x300.png 300w, https:\/\/vamosdevaca.com\/23\/wp-content\/uploads\/2023\/01\/Whats-App-Logo-100x100.png 100w, https:\/\/vamosdevaca.com\/23\/wp-content\/uploads\/2023\/01\/Whats-App-Logo.png 1000w\" sizes=\"auto, (max-width: 36px) 100vw, 36px\" \/><\/a><\/p>\n<p>&nbsp;<\/p>\n<ul>\n<li>Precio por habitaci\u00f3n, expresado en d\u00f3lares americanos.<br \/>\nConfirmaci\u00f3n sujeta a disponibilidad hotelera.<\/li>\n<\/ul>\n","protected":false},"featured_media":1434,"template":"","meta":{"_joinchat":[]},"product_cat":[227,245,223],"product_tag":[],"class_list":{"0":"post-6311","1":"product","2":"type-product","3":"status-publish","4":"has-post-thumbnail","5":"hentry","6":"product_cat-ano-nuevo-salidas-confirmadas","7":"product_cat-con-aereos-fp","8":"product_cat-salidas-confirmadas","10":"entry","11":"has-media","12":"owp-thumbs-layout-horizontal","13":"owp-btn-very-big","14":"owp-tabs-layout-horizontal","15":"has-no-thumbnails"},"yoast_head":"<!-- This site is optimized with the Yoast SEO plugin v21.5 - https:\/\/yoast.com\/wordpress\/plugins\/seo\/ -->\n<title>Cusco Urbano 05 D\u00edas \u2013 04 Noches V\u00eda Sky - Dika Travel Per\u00fa Dika Travel Per\u00fa %<\/title>\n<meta name=\"description\" content=\"Arquitectura Colonial y Tradici\u00f3n Incaica: Explora las calles empedradas de Cusco, donde la arquitectura colonial se funde con los vestigios incaicos.\" \/>\n<meta name=\"robots\" content=\"index, follow, max-snippet:-1, max-image-preview:large, max-video-preview:-1\" \/>\n<link rel=\"canonical\" href=\"https:\/\/vamosdevaca.com\/23\/producto\/cusco-urbano-05-dias-04-noches-via-sky\/\" \/>\n<meta property=\"og:locale\" content=\"es_ES\" \/>\n<meta property=\"og:type\" content=\"article\" \/>\n<meta property=\"og:title\" content=\"Cusco Urbano 05 D\u00edas \u2013 04 Noches V\u00eda Sky - Dika Travel Per\u00fa Dika Travel Per\u00fa %\" \/>\n<meta property=\"og:description\" content=\"Arquitectura Colonial y Tradici\u00f3n Incaica: Explora las calles empedradas de Cusco, donde la arquitectura colonial se funde con los vestigios incaicos.\" \/>\n<meta property=\"og:url\" content=\"https:\/\/vamosdevaca.com\/23\/producto\/cusco-urbano-05-dias-04-noches-via-sky\/\" \/>\n<meta property=\"og:site_name\" content=\"Dika Travel Per\u00fa\" \/>\n<meta property=\"article:modified_time\" content=\"2023-09-01T17:40:51+00:00\" \/>\n<meta property=\"og:image\" content=\"https:\/\/vamosdevaca.com\/23\/wp-content\/uploads\/2023\/01\/catedral-de-noche-1920x-1080.jpg\" \/>\n\t<meta property=\"og:image:width\" content=\"1920\" \/>\n\t<meta property=\"og:image:height\" content=\"1080\" \/>\n\t<meta property=\"og:image:type\" content=\"image\/jpeg\" \/>\n<meta name=\"twitter:card\" content=\"summary_large_image\" \/>\n<meta name=\"twitter:label1\" content=\"Tiempo de lectura\" \/>\n\t<meta name=\"twitter:data1\" content=\"1 minuto\" \/>\n<script type=\"application\/ld+json\" class=\"yoast-schema-graph\">{\"@context\":\"https:\/\/schema.org\",\"@graph\":[{\"@type\":\"WebPage\",\"@id\":\"https:\/\/vamosdevaca.com\/23\/producto\/cusco-urbano-05-dias-04-noches-via-sky\/\",\"url\":\"https:\/\/vamosdevaca.com\/23\/producto\/cusco-urbano-05-dias-04-noches-via-sky\/\",\"name\":\"Cusco Urbano 05 D\u00edas \u2013 04 Noches V\u00eda Sky - Dika Travel Per\u00fa Dika Travel Per\u00fa %\",\"isPartOf\":{\"@id\":\"https:\/\/vamosdevaca.com\/23\/#website\"},\"datePublished\":\"2023-08-29T23:34:13+00:00\",\"dateModified\":\"2023-09-01T17:40:51+00:00\",\"description\":\"Arquitectura Colonial y Tradici\u00f3n Incaica: Explora las calles empedradas de Cusco, donde la arquitectura colonial se funde con los vestigios incaicos.\",\"breadcrumb\":{\"@id\":\"https:\/\/vamosdevaca.com\/23\/producto\/cusco-urbano-05-dias-04-noches-via-sky\/#breadcrumb\"},\"inLanguage\":\"es\",\"potentialAction\":[{\"@type\":\"ReadAction\",\"target\":[\"https:\/\/vamosdevaca.com\/23\/producto\/cusco-urbano-05-dias-04-noches-via-sky\/\"]}]},{\"@type\":\"BreadcrumbList\",\"@id\":\"https:\/\/vamosdevaca.com\/23\/producto\/cusco-urbano-05-dias-04-noches-via-sky\/#breadcrumb\",\"itemListElement\":[{\"@type\":\"ListItem\",\"position\":1,\"name\":\"Portada\",\"item\":\"https:\/\/vamosdevaca.com\/23\/\"},{\"@type\":\"ListItem\",\"position\":2,\"name\":\"Tienda\",\"item\":\"https:\/\/vamosdevaca.com\/23\/tienda\/\"},{\"@type\":\"ListItem\",\"position\":3,\"name\":\"Cusco Urbano 05 D\u00edas \u2013 04 Noches V\u00eda Sky\"}]},{\"@type\":\"WebSite\",\"@id\":\"https:\/\/vamosdevaca.com\/23\/#website\",\"url\":\"https:\/\/vamosdevaca.com\/23\/\",\"name\":\"Dika Travel Per\u00fa\",\"description\":\"Agencia Mayorista de Turismo Receptivo\",\"publisher\":{\"@id\":\"https:\/\/vamosdevaca.com\/23\/#organization\"},\"potentialAction\":[{\"@type\":\"SearchAction\",\"target\":{\"@type\":\"EntryPoint\",\"urlTemplate\":\"https:\/\/vamosdevaca.com\/23\/?s={search_term_string}\"},\"query-input\":\"required name=search_term_string\"}],\"inLanguage\":\"es\"},{\"@type\":\"Organization\",\"@id\":\"https:\/\/vamosdevaca.com\/23\/#organization\",\"name\":\"Dika Travel Per\u00fa\",\"url\":\"https:\/\/vamosdevaca.com\/23\/\",\"logo\":{\"@type\":\"ImageObject\",\"inLanguage\":\"es\",\"@id\":\"https:\/\/vamosdevaca.com\/23\/#\/schema\/logo\/image\/\",\"url\":\"https:\/\/dikatravelperu.travel\/wp-content\/uploads\/2023\/01\/cropped-Dika-Travel-peru-1.jpg\",\"contentUrl\":\"https:\/\/dikatravelperu.travel\/wp-content\/uploads\/2023\/01\/cropped-Dika-Travel-peru-1.jpg\",\"width\":512,\"height\":512,\"caption\":\"Dika Travel Per\u00fa\"},\"image\":{\"@id\":\"https:\/\/vamosdevaca.com\/23\/#\/schema\/logo\/image\/\"}}]}<\/script>\n<!-- \/ Yoast SEO plugin. -->","yoast_head_json":{"title":"Cusco Urbano 05 D\u00edas \u2013 04 Noches V\u00eda Sky - Dika Travel Per\u00fa Dika Travel Per\u00fa %","description":"Arquitectura Colonial y Tradici\u00f3n Incaica: Explora las calles empedradas de Cusco, donde la arquitectura colonial se funde con los vestigios incaicos.","robots":{"index":"index","follow":"follow","max-snippet":"max-snippet:-1","max-image-preview":"max-image-preview:large","max-video-preview":"max-video-preview:-1"},"canonical":"https:\/\/vamosdevaca.com\/23\/producto\/cusco-urbano-05-dias-04-noches-via-sky\/","og_locale":"es_ES","og_type":"article","og_title":"Cusco Urbano 05 D\u00edas \u2013 04 Noches V\u00eda Sky - Dika Travel Per\u00fa Dika Travel Per\u00fa %","og_description":"Arquitectura Colonial y Tradici\u00f3n Incaica: Explora las calles empedradas de Cusco, donde la arquitectura colonial se funde con los vestigios incaicos.","og_url":"https:\/\/vamosdevaca.com\/23\/producto\/cusco-urbano-05-dias-04-noches-via-sky\/","og_site_name":"Dika Travel Per\u00fa","article_modified_time":"2023-09-01T17:40:51+00:00","og_image":[{"width":1920,"height":1080,"url":"https:\/\/vamosdevaca.com\/23\/wp-content\/uploads\/2023\/01\/catedral-de-noche-1920x-1080.jpg","type":"image\/jpeg"}],"twitter_card":"summary_large_image","twitter_misc":{"Tiempo de lectura":"1 minuto"},"schema":{"@context":"https:\/\/schema.org","@graph":[{"@type":"WebPage","@id":"https:\/\/vamosdevaca.com\/23\/producto\/cusco-urbano-05-dias-04-noches-via-sky\/","url":"https:\/\/vamosdevaca.com\/23\/producto\/cusco-urbano-05-dias-04-noches-via-sky\/","name":"Cusco Urbano 05 D\u00edas \u2013 04 Noches V\u00eda Sky - Dika Travel Per\u00fa Dika Travel Per\u00fa %","isPartOf":{"@id":"https:\/\/vamosdevaca.com\/23\/#website"},"datePublished":"2023-08-29T23:34:13+00:00","dateModified":"2023-09-01T17:40:51+00:00","description":"Arquitectura Colonial y Tradici\u00f3n Incaica: Explora las calles empedradas de Cusco, donde la arquitectura colonial se funde con los vestigios incaicos.","breadcrumb":{"@id":"https:\/\/vamosdevaca.com\/23\/producto\/cusco-urbano-05-dias-04-noches-via-sky\/#breadcrumb"},"inLanguage":"es","potentialAction":[{"@type":"ReadAction","target":["https:\/\/vamosdevaca.com\/23\/producto\/cusco-urbano-05-dias-04-noches-via-sky\/"]}]},{"@type":"BreadcrumbList","@id":"https:\/\/vamosdevaca.com\/23\/producto\/cusco-urbano-05-dias-04-noches-via-sky\/#breadcrumb","itemListElement":[{"@type":"ListItem","position":1,"name":"Portada","item":"https:\/\/vamosdevaca.com\/23\/"},{"@type":"ListItem","position":2,"name":"Tienda","item":"https:\/\/vamosdevaca.com\/23\/tienda\/"},{"@type":"ListItem","position":3,"name":"Cusco Urbano 05 D\u00edas \u2013 04 Noches V\u00eda Sky"}]},{"@type":"WebSite","@id":"https:\/\/vamosdevaca.com\/23\/#website","url":"https:\/\/vamosdevaca.com\/23\/","name":"Dika Travel Per\u00fa","description":"Agencia Mayorista de Turismo Receptivo","publisher":{"@id":"https:\/\/vamosdevaca.com\/23\/#organization"},"potentialAction":[{"@type":"SearchAction","target":{"@type":"EntryPoint","urlTemplate":"https:\/\/vamosdevaca.com\/23\/?s={search_term_string}"},"query-input":"required name=search_term_string"}],"inLanguage":"es"},{"@type":"Organization","@id":"https:\/\/vamosdevaca.com\/23\/#organization","name":"Dika Travel Per\u00fa","url":"https:\/\/vamosdevaca.com\/23\/","logo":{"@type":"ImageObject","inLanguage":"es","@id":"https:\/\/vamosdevaca.com\/23\/#\/schema\/logo\/image\/","url":"https:\/\/dikatravelperu.travel\/wp-content\/uploads\/2023\/01\/cropped-Dika-Travel-peru-1.jpg","contentUrl":"https:\/\/dikatravelperu.travel\/wp-content\/uploads\/2023\/01\/cropped-Dika-Travel-peru-1.jpg","width":512,"height":512,"caption":"Dika Travel Per\u00fa"},"image":{"@id":"https:\/\/vamosdevaca.com\/23\/#\/schema\/logo\/image\/"}}]}},"_links":{"self":[{"href":"https:\/\/vamosdevaca.com\/23\/wp-json\/wp\/v2\/product\/6311","targetHints":{"allow":["GET"]}}],"collection":[{"href":"https:\/\/vamosdevaca.com\/23\/wp-json\/wp\/v2\/product"}],"about":[{"href":"https:\/\/vamosdevaca.com\/23\/wp-json\/wp\/v2\/types\/product"}],"wp:featuredmedia":[{"embeddable":true,"href":"https:\/\/vamosdevaca.com\/23\/wp-json\/wp\/v2\/media\/1434"}],"wp:attachment":[{"href":"https:\/\/vamosdevaca.com\/23\/wp-json\/wp\/v2\/media?parent=6311"}],"wp:term":[{"taxonomy":"product_cat","embeddable":true,"href":"https:\/\/vamosdevaca.com\/23\/wp-json\/wp\/v2\/product_cat?post=6311"},{"taxonomy":"product_tag","embeddable":true,"href":"https:\/\/vamosdevaca.com\/23\/wp-json\/wp\/v2\/product_tag?post=6311"}],"curies":[{"name":"wp","href":"https:\/\/api.w.org\/{rel}","templated":true}]}}