{"id":6389,"date":"2023-09-01T16:26:05","date_gmt":"2023-09-01T21:26:05","guid":{"rendered":"https:\/\/dikatravelperu.travel\/?post_type=product&#038;p=6389"},"modified":"2023-09-01T16:36:42","modified_gmt":"2023-09-01T21:36:42","slug":"curaka-nativo-en-selva-04-dias-03-noches-via-sky-ciudad-selva","status":"publish","type":"product","link":"https:\/\/vamosdevaca.com\/23\/producto\/curaka-nativo-en-selva-04-dias-03-noches-via-sky-ciudad-selva\/","title":{"rendered":"Curaka Nativo en Selva 04 D\u00edas \u2013 03 Noches V\u00eda Sky ( Ciudad-Selva)"},"content":{"rendered":"<p style=\"text-align: center\"><strong>A\u00d1O NUEVO 2024<\/strong><br \/>\n<strong>IN: 30 DICIEMBRE \u2013 OUT: 02 ENERO<\/strong><br \/>\n<strong>CURAKA &#8211; NATIVO EN SELVA<\/strong><br \/>\n<strong>04 D\u00cdAS- 03 NOCHES<\/strong><\/p>\n<p style=\"text-align: left\"><strong>ITINERARIO<\/strong><\/p>\n<h1 style=\"background: white\"><span lang=\"ES\" style=\"font-size: 10.0pt;font-family: 'Gadugi',sans-serif;color: black;text-decoration: none\">D\u00cdA 1:-IQUITOS \u2013 CURAKA EXPEDITIONS<\/span><\/h1>\n<blockquote><p>Traslado del aeropuerto u hotel. Caminata por el centro de la ciudad conociendo la Iglesia Matriz, Casa de Hierro, Malec\u00f3n Maldonado, casas hist\u00f3ricas de la \u00e9poca del caucho. Traslado al puerto fluvial para abordar el bote motor fuera de borda. Navegaremos el rio Itaya por 15 minutos para luego ingresar al rio m\u00e1s largo y caudaloso del mundo, el Amazonas. Informaci\u00f3n sobre el Amazonas, b\u00fasqueda de delfines grises y de bufeos rosados. Navegaremos el Amazonas hasta el Curaka Expeditions. Recepci\u00f3n con refresco de frutas de la estaci\u00f3n. Informaci\u00f3n general. Asignaci\u00f3n de bungalows privados. Almuerzo t\u00edpico juane. Por la tarde caminata por la selva conociendo flora y fauna y la biodiversidad del \u00e1rea. Caminata nocturna por la selva escuchando la variedad de sonidos emitidos por insectos batracios, aves entre otros, excursi\u00f3n en canoa, seg\u00fan la estaci\u00f3n. Cena. Historias selv\u00e1ticas narradas por el gu\u00eda.<br \/>\n<strong>Noche en el albergue.<\/strong><\/p><\/blockquote>\n<h1 style=\"background: white\"><span lang=\"ES\" style=\"font-size: 10.0pt;font-family: 'Gadugi',sans-serif;color: black;text-decoration: none\">\u00a0\u00a0DIA 2:-CURAKA EXPEDITIONS \u2013 TOUR FAUNA Y COSTUMBRES DE LA ZONA<\/span><\/h1>\n<blockquote><p>Avistaje de aves en su h\u00e1bitat caminando o en canoa. Desayuno. Excursi\u00f3n para visitar a morador ribere\u00f1o donde apreciaremos boas constrictoras no venenosas, oso perezoso, tortugas entre otros. Conoceremos tambi\u00e9n la manera de extraer el jugo de la ca\u00f1a de az\u00facar de manera artesanal, degustaci\u00f3n del jugo y sus derivados como el ron de ca\u00f1a, melaza. Retorno al albergue. Almuerzo t\u00edpico pescado. Por la tarde visita a pueblo de la ribera \u00bbGALLITO\u00bb para conocer parte de sus actividades diarias. Seg\u00fan las condiciones climatol\u00f3gicas observaremos una maravillosa puesta del sol. Cena.<br \/>\n<strong>Noche en el albergue.<\/strong><\/p><\/blockquote>\n<h1 style=\"background: white\"><span lang=\"ES\" style=\"font-size: 10.0pt;font-family: 'Gadugi',sans-serif;color: black;text-decoration: none\">\u00a0\u00a0DIA 3:- CURAKA EXPEDITIONS \u2013 TOUR VICTORIA REGIA Y ARBOLES MEDICINALES<\/span><\/h1>\n<blockquote><p>Desayuno. Pesca a orillas del rio Amazonas: pez gato, pira\u00f1as entre otros. Observaci\u00f3n de la Victoria Regia, planta acu\u00e1tica m\u00e1s grande del mundo. Retorno al albergue y almuerzo t\u00edpico. Momento de relax en el \u00e1rea de hamacas y\/o piscina. Por la tarde, recorremos el contorno del \u00e1rea, conociendo plantas y \u00e1rboles cuyos frutos son aprovechados por los ribere\u00f1os, con poder medicinal. Apreciaremos el hist\u00f3rico \u00e1rbol del caucho o balata, cedro, y la voluptuosa lupuna. Cena.<br \/>\n<strong>Noche en el albergue.<\/strong><\/p><\/blockquote>\n<h1 style=\"background: white\"><span lang=\"ES\" style=\"font-size: 10.0pt;font-family: 'Gadugi',sans-serif;color: black;text-decoration: none\">\u00a0\u00a0DIA 4:-\u00a0<\/span><\/h1>\n<blockquote><p>Desayuno.<br \/>\nMa\u00f1ana libre para actividades personales.<br \/>\nHora oportuna traslado al aeropuerto.<\/p>\n<p><strong>FIN DE LOS SERVICIOS<\/strong><\/p><\/blockquote>\n\n    <div class=\"xs_social_share_widget xs_share_url after_content \t\tmain_content  wslu-style-2 wslu-share-box-shaped wslu-fill-colored wslu-share-m-5 wslu-none wslu-share-horizontal wslu-theme-font-no wslu-main_content\">\n\n\t\t\n        <ul>\n\t\t\t                    <li class=\"xs-share-li facebook                        wslu-no-extra-data\">\n                        <a href=\"javascript:void();\"\n                           id=\"xs_feed_facebook\"\n                           onclick=\"xs_social_sharer(this);\"\n                           data-pid=\"6389\"\n                           data-uri_hash=\"cb0d40e2093e1aceef3de0c39bd6c8e5\"\n                           data-key=\"facebook\"\n                           data-xs-href=\"http:\/\/www.facebook.com\/sharer.php?u=https%3A%2F%2Fvamosdevaca.com%2F23%2Fwp-json%2Fwp%2Fv2%2Fproduct%2F6389&amp;t=Curaka+Nativo+en+Selva+04+D%C3%ADas+%E2%80%93+03+Noches+V%C3%ADa+Sky+%28+Ciudad-Selva%29&amp;v=3\">\n\n                            <div class=\"xs-social-icon\">\n                                <span class=\"met-social met-social-facebook\"><\/span>\n                            <\/div>\n\n\t\t\t\t\t\t\t\n                            <div class=\"wslu-hover-content\">\n                                <div class=\"xs-social-followers\">\n\t\t\t\t\t\t\t\t\t0                                <\/div>\n                                <div class=\"xs-social-follower-text\">\n\t\t\t\t\t\t\t\t\t                                <\/div>\n                                <div class=\"xs-social-follower-label\">\n\t\t\t\t\t\t\t\t\tFacebook                                <\/div>\n                            <\/div>\n                        <\/a>\n                    <\/li>\n\t\t\t\t\t                    <li class=\"xs-share-li twitter                        wslu-no-extra-data\">\n                        <a href=\"javascript:void();\"\n                           id=\"xs_feed_twitter\"\n                           onclick=\"xs_social_sharer(this);\"\n                           data-pid=\"6389\"\n                           data-uri_hash=\"cb0d40e2093e1aceef3de0c39bd6c8e5\"\n                           data-key=\"twitter\"\n                           data-xs-href=\"https:\/\/twitter.com\/intent\/tweet?text=Curaka+Nativo+en+Selva+04+D%C3%ADas+%E2%80%93+03+Noches+V%C3%ADa+Sky+%28+Ciudad-Selva%29+https%3A%2F%2Fvamosdevaca.com%2F23%2Fwp-json%2Fwp%2Fv2%2Fproduct%2F6389&amp;original_referer=https%3A%2F%2Fvamosdevaca.com%2F23%2Fwp-json%2Fwp%2Fv2%2Fproduct%2F6389&amp;related=xpeedstudio\">\n\n                            <div class=\"xs-social-icon\">\n                                <span class=\"met-social met-social-twitter\"><\/span>\n                            <\/div>\n\n\t\t\t\t\t\t\t\n                            <div class=\"wslu-hover-content\">\n                                <div class=\"xs-social-followers\">\n\t\t\t\t\t\t\t\t\t0                                <\/div>\n                                <div class=\"xs-social-follower-text\">\n\t\t\t\t\t\t\t\t\t                                <\/div>\n                                <div class=\"xs-social-follower-label\">\n\t\t\t\t\t\t\t\t\tTwitter                                <\/div>\n                            <\/div>\n                        <\/a>\n                    <\/li>\n\t\t\t\t\t                    <li class=\"xs-share-li facebook-messenger                        wslu-no-extra-data\">\n                        <a href=\"javascript:void();\"\n                           id=\"xs_feed_facebook-messenger\"\n                           onclick=\"xs_social_sharer(this);\"\n                           data-pid=\"6389\"\n                           data-uri_hash=\"cb0d40e2093e1aceef3de0c39bd6c8e5\"\n                           data-key=\"facebook-messenger\"\n                           data-xs-href=\"https:\/\/www.facebook.com\/dialog\/send?link=https%3A%2F%2Fvamosdevaca.com%2F23%2Fwp-json%2Fwp%2Fv2%2Fproduct%2F6389&amp;redirect_uri=https%3A%2F%2Fvamosdevaca.com%2F23%2Fwp-json%2Fwp%2Fv2%2Fproduct%2F6389&amp;display=popup&amp;app_id=2577123062406162\">\n\n                            <div class=\"xs-social-icon\">\n                                <span class=\"met-social met-social-facebook-messenger\"><\/span>\n                            <\/div>\n\n\t\t\t\t\t\t\t\n                            <div class=\"wslu-hover-content\">\n                                <div class=\"xs-social-followers\">\n\t\t\t\t\t\t\t\t\t0                                <\/div>\n                                <div class=\"xs-social-follower-text\">\n\t\t\t\t\t\t\t\t\t                                <\/div>\n                                <div class=\"xs-social-follower-label\">\n\t\t\t\t\t\t\t\t\tFacebook-messenger                                <\/div>\n                            <\/div>\n                        <\/a>\n                    <\/li>\n\t\t\t\t\t                    <li class=\"xs-share-li whatsapp                        wslu-no-extra-data\">\n                        <a href=\"javascript:void();\"\n                           id=\"xs_feed_whatsapp\"\n                           onclick=\"xs_social_sharer(this);\"\n                           data-pid=\"6389\"\n                           data-uri_hash=\"cb0d40e2093e1aceef3de0c39bd6c8e5\"\n                           data-key=\"whatsapp\"\n                           data-xs-href=\"whatsapp:\/\/send?text=Curaka+Nativo+en+Selva+04+D%C3%ADas+%E2%80%93+03+Noches+V%C3%ADa+Sky+%28+Ciudad-Selva%29+https%3A%2F%2Fvamosdevaca.com%2F23%2Fwp-json%2Fwp%2Fv2%2Fproduct%2F6389\">\n\n                            <div class=\"xs-social-icon\">\n                                <span class=\"met-social met-social-whatsapp\"><\/span>\n                            <\/div>\n\n\t\t\t\t\t\t\t\n                            <div class=\"wslu-hover-content\">\n                                <div class=\"xs-social-followers\">\n\t\t\t\t\t\t\t\t\t0                                <\/div>\n                                <div class=\"xs-social-follower-text\">\n\t\t\t\t\t\t\t\t\t                                <\/div>\n                                <div class=\"xs-social-follower-label\">\n\t\t\t\t\t\t\t\t\tWhatsapp                                <\/div>\n                            <\/div>\n                        <\/a>\n                    <\/li>\n\t\t\t\t\t                    <li class=\"xs-share-li telegram                        wslu-no-extra-data\">\n                        <a href=\"javascript:void();\"\n                           id=\"xs_feed_telegram\"\n                           onclick=\"xs_social_sharer(this);\"\n                           data-pid=\"6389\"\n                           data-uri_hash=\"cb0d40e2093e1aceef3de0c39bd6c8e5\"\n                           data-key=\"telegram\"\n                           data-xs-href=\"https:\/\/telegram.me\/share\/url?url=https%3A%2F%2Fvamosdevaca.com%2F23%2Fwp-json%2Fwp%2Fv2%2Fproduct%2F6389&amp;text=Curaka+Nativo+en+Selva+04+D%C3%ADas+%E2%80%93+03+Noches+V%C3%ADa+Sky+%28+Ciudad-Selva%29\">\n\n                            <div class=\"xs-social-icon\">\n                                <span class=\"met-social met-social-telegram\"><\/span>\n                            <\/div>\n\n\t\t\t\t\t\t\t\n                            <div class=\"wslu-hover-content\">\n                                <div class=\"xs-social-followers\">\n\t\t\t\t\t\t\t\t\t0                                <\/div>\n                                <div class=\"xs-social-follower-text\">\n\t\t\t\t\t\t\t\t\t                                <\/div>\n                                <div class=\"xs-social-follower-label\">\n\t\t\t\t\t\t\t\t\tTelegram                                <\/div>\n                            <\/div>\n                        <\/a>\n                    <\/li>\n\t\t\t\t\t                    <li class=\"xs-share-li email                        wslu-no-extra-data\">\n                        <a href=\"javascript:void();\"\n                           id=\"xs_feed_email\"\n                           onclick=\"xs_social_sharer(this);\"\n                           data-pid=\"6389\"\n                           data-uri_hash=\"cb0d40e2093e1aceef3de0c39bd6c8e5\"\n                           data-key=\"email\"\n                           data-xs-href=\"mailto:?body=Title%3A+Curaka+Nativo+en+Selva+04+D%C3%ADas+%E2%80%93+03+Noches+V%C3%ADa+Sky+%28+Ciudad-Selva%29+%5Cn%5Cn+URL%3A+https%3A%2F%2Fvamosdevaca.com%2F23%2Fwp-json%2Fwp%2Fv2%2Fproduct%2F6389&amp;subject=Curaka+Nativo+en+Selva+04+D%C3%ADas+%E2%80%93+03+Noches+V%C3%ADa+Sky+%28+Ciudad-Selva%29\">\n\n                            <div class=\"xs-social-icon\">\n                                <span class=\"met-social met-social-email\"><\/span>\n                            <\/div>\n\n\t\t\t\t\t\t\t\n                            <div class=\"wslu-hover-content\">\n                                <div class=\"xs-social-followers\">\n\t\t\t\t\t\t\t\t\t0                                <\/div>\n                                <div class=\"xs-social-follower-text\">\n\t\t\t\t\t\t\t\t\t                                <\/div>\n                                <div class=\"xs-social-follower-label\">\n\t\t\t\t\t\t\t\t\tEmail                                <\/div>\n                            <\/div>\n                        <\/a>\n                    <\/li>\n\t\t\t\t\t        <\/ul>\n    <\/div> \n","protected":false},"excerpt":{"rendered":"<p>Descarga el Itinerario Completo:<\/p>\n<p data-wp-editing=\"1\"><a href=\"https:\/\/dikatravelperu.travel\/wp-content\/uploads\/2023\/09\/ANO-NUEVO-CURAKA-NATIVO-EN-SELVA-SKY-04D-03N-CIUDAD-SELVA.docx\" target=\"_blank\" rel=\"noopener\"><img loading=\"lazy\" decoding=\"async\" class=\"alignleft wp-image-1504\" src=\"https:\/\/dikatravelperu.travel\/wp-content\/uploads\/2023\/01\/Word-300x225.png\" alt=\"\" width=\"42\" height=\"32\" srcset=\"https:\/\/vamosdevaca.com\/23\/wp-content\/uploads\/2023\/01\/Word-300x225.png 300w, https:\/\/vamosdevaca.com\/23\/wp-content\/uploads\/2023\/01\/Word-768x576.png 768w, https:\/\/vamosdevaca.com\/23\/wp-content\/uploads\/2023\/01\/Word-600x450.png 600w, https:\/\/vamosdevaca.com\/23\/wp-content\/uploads\/2023\/01\/Word.png 1000w\" sizes=\"auto, (max-width: 42px) 100vw, 42px\" \/><\/a><a href=\"https:\/\/dikatravelperu.travel\/wp-content\/uploads\/2023\/09\/ANO-NUEVO-CURAKA-NATIVO-EN-SELVA-SKY-04D-03N-CIUDAD-SELVA.pdf\" target=\"_blank\" rel=\"noopener\"><img loading=\"lazy\" decoding=\"async\" class=\"alignleft wp-image-1505\" src=\"https:\/\/dikatravelperu.travel\/wp-content\/uploads\/2023\/01\/3997635-300x300.png\" alt=\"\" width=\"32\" height=\"32\" srcset=\"https:\/\/vamosdevaca.com\/23\/wp-content\/uploads\/2023\/01\/3997635-300x300.png 300w, https:\/\/vamosdevaca.com\/23\/wp-content\/uploads\/2023\/01\/3997635-150x150.png 150w, https:\/\/vamosdevaca.com\/23\/wp-content\/uploads\/2023\/01\/3997635-100x100.png 100w, https:\/\/vamosdevaca.com\/23\/wp-content\/uploads\/2023\/01\/3997635.png 512w\" sizes=\"auto, (max-width: 32px) 100vw, 32px\" \/><\/a> <img loading=\"lazy\" decoding=\"async\" class=\" wp-image-1647 alignleft\" src=\"https:\/\/dikatravelperu.travel\/wp-content\/uploads\/2023\/01\/Imagen-300x300.png\" alt=\"\" width=\"35\" height=\"35\" srcset=\"https:\/\/vamosdevaca.com\/23\/wp-content\/uploads\/2023\/01\/Imagen-300x300.png 300w, https:\/\/vamosdevaca.com\/23\/wp-content\/uploads\/2023\/01\/Imagen-150x150.png 150w, https:\/\/vamosdevaca.com\/23\/wp-content\/uploads\/2023\/01\/Imagen-100x100.png 100w, https:\/\/vamosdevaca.com\/23\/wp-content\/uploads\/2023\/01\/Imagen.png 512w\" sizes=\"auto, (max-width: 35px) 100vw, 35px\" \/><\/p>\n<p><a href=\"https:\/\/wa.me\/51987540596\" target=\"_blank\" rel=\"noopener\"><img loading=\"lazy\" decoding=\"async\" class=\"alignleft wp-image-1681\" src=\"https:\/\/dikatravelperu.travel\/wp-content\/uploads\/2023\/01\/Whats-App-Logo-293x300.png\" alt=\"Whats App Logo\" width=\"36\" height=\"37\" srcset=\"https:\/\/vamosdevaca.com\/23\/wp-content\/uploads\/2023\/01\/Whats-App-Logo-293x300.png 293w, https:\/\/vamosdevaca.com\/23\/wp-content\/uploads\/2023\/01\/Whats-App-Logo-150x150.png 150w, https:\/\/vamosdevaca.com\/23\/wp-content\/uploads\/2023\/01\/Whats-App-Logo-768x786.png 768w, https:\/\/vamosdevaca.com\/23\/wp-content\/uploads\/2023\/01\/Whats-App-Logo-600x614.png 600w, https:\/\/vamosdevaca.com\/23\/wp-content\/uploads\/2023\/01\/Whats-App-Logo-300x300.png 300w, https:\/\/vamosdevaca.com\/23\/wp-content\/uploads\/2023\/01\/Whats-App-Logo-100x100.png 100w, https:\/\/vamosdevaca.com\/23\/wp-content\/uploads\/2023\/01\/Whats-App-Logo.png 1000w\" sizes=\"auto, (max-width: 36px) 100vw, 36px\" \/><\/a><\/p>\n<p>&nbsp;<\/p>\n<ul>\n<li>Precio por habitaci\u00f3n, expresado en d\u00f3lares americanos.<br \/>\nConfirmaci\u00f3n sujeta a disponibilidad hotelera.<\/li>\n<\/ul>\n","protected":false},"featured_media":6392,"template":"","meta":{"_joinchat":[]},"product_cat":[227,245,223],"product_tag":[],"class_list":{"0":"post-6389","1":"product","2":"type-product","3":"status-publish","4":"has-post-thumbnail","5":"hentry","6":"product_cat-ano-nuevo-salidas-confirmadas","7":"product_cat-con-aereos-fp","8":"product_cat-salidas-confirmadas","10":"entry","11":"has-media","12":"owp-thumbs-layout-horizontal","13":"owp-btn-very-big","14":"owp-tabs-layout-horizontal","15":"has-no-thumbnails"},"yoast_head":"<!-- This site is optimized with the Yoast SEO plugin v21.5 - https:\/\/yoast.com\/wordpress\/plugins\/seo\/ -->\n<title>Curaka Nativo en Selva 04 D\u00edas \u2013 03 Noches V\u00eda Sky ( Ciudad-Selva) - Dika Travel Per\u00fa Dika Travel Per\u00fa %<\/title>\n<meta name=\"description\" content=\"Curaka - Lluvia en el Rio una experiencia \u00fanica en medio de la selva tropical. Estos alojamientos se ubican en \u00e1reas remotas y proporcionan a los visitantes\" \/>\n<meta name=\"robots\" content=\"index, follow, max-snippet:-1, max-image-preview:large, max-video-preview:-1\" \/>\n<link rel=\"canonical\" href=\"https:\/\/vamosdevaca.com\/23\/producto\/curaka-nativo-en-selva-04-dias-03-noches-via-sky-ciudad-selva\/\" \/>\n<meta property=\"og:locale\" content=\"es_ES\" \/>\n<meta property=\"og:type\" content=\"article\" \/>\n<meta property=\"og:title\" content=\"Curaka Nativo en Selva 04 D\u00edas \u2013 03 Noches V\u00eda Sky ( Ciudad-Selva) - Dika Travel Per\u00fa Dika Travel Per\u00fa %\" \/>\n<meta property=\"og:description\" content=\"Curaka - Lluvia en el Rio una experiencia \u00fanica en medio de la selva tropical. Estos alojamientos se ubican en \u00e1reas remotas y proporcionan a los visitantes\" \/>\n<meta property=\"og:url\" content=\"https:\/\/vamosdevaca.com\/23\/producto\/curaka-nativo-en-selva-04-dias-03-noches-via-sky-ciudad-selva\/\" \/>\n<meta property=\"og:site_name\" content=\"Dika Travel Per\u00fa\" \/>\n<meta property=\"article:modified_time\" content=\"2023-09-01T21:36:42+00:00\" \/>\n<meta property=\"og:image\" content=\"https:\/\/vamosdevaca.com\/23\/wp-content\/uploads\/2023\/09\/CURAKA12345.jpg\" \/>\n\t<meta property=\"og:image:width\" content=\"612\" \/>\n\t<meta property=\"og:image:height\" content=\"454\" \/>\n\t<meta property=\"og:image:type\" content=\"image\/jpeg\" \/>\n<meta name=\"twitter:card\" content=\"summary_large_image\" \/>\n<meta name=\"twitter:label1\" content=\"Tiempo de lectura\" \/>\n\t<meta name=\"twitter:data1\" content=\"1 minuto\" \/>\n<script type=\"application\/ld+json\" class=\"yoast-schema-graph\">{\"@context\":\"https:\/\/schema.org\",\"@graph\":[{\"@type\":\"WebPage\",\"@id\":\"https:\/\/vamosdevaca.com\/23\/producto\/curaka-nativo-en-selva-04-dias-03-noches-via-sky-ciudad-selva\/\",\"url\":\"https:\/\/vamosdevaca.com\/23\/producto\/curaka-nativo-en-selva-04-dias-03-noches-via-sky-ciudad-selva\/\",\"name\":\"Curaka Nativo en Selva 04 D\u00edas \u2013 03 Noches V\u00eda Sky ( Ciudad-Selva) - Dika Travel Per\u00fa Dika Travel Per\u00fa %\",\"isPartOf\":{\"@id\":\"https:\/\/vamosdevaca.com\/23\/#website\"},\"datePublished\":\"2023-09-01T21:26:05+00:00\",\"dateModified\":\"2023-09-01T21:36:42+00:00\",\"description\":\"Curaka - Lluvia en el Rio una experiencia \u00fanica en medio de la selva tropical. Estos alojamientos se ubican en \u00e1reas remotas y proporcionan a los visitantes\",\"breadcrumb\":{\"@id\":\"https:\/\/vamosdevaca.com\/23\/producto\/curaka-nativo-en-selva-04-dias-03-noches-via-sky-ciudad-selva\/#breadcrumb\"},\"inLanguage\":\"es\",\"potentialAction\":[{\"@type\":\"ReadAction\",\"target\":[\"https:\/\/vamosdevaca.com\/23\/producto\/curaka-nativo-en-selva-04-dias-03-noches-via-sky-ciudad-selva\/\"]}]},{\"@type\":\"BreadcrumbList\",\"@id\":\"https:\/\/vamosdevaca.com\/23\/producto\/curaka-nativo-en-selva-04-dias-03-noches-via-sky-ciudad-selva\/#breadcrumb\",\"itemListElement\":[{\"@type\":\"ListItem\",\"position\":1,\"name\":\"Portada\",\"item\":\"https:\/\/vamosdevaca.com\/23\/\"},{\"@type\":\"ListItem\",\"position\":2,\"name\":\"Tienda\",\"item\":\"https:\/\/vamosdevaca.com\/23\/tienda\/\"},{\"@type\":\"ListItem\",\"position\":3,\"name\":\"Curaka Nativo en Selva 04 D\u00edas \u2013 03 Noches V\u00eda Sky ( Ciudad-Selva)\"}]},{\"@type\":\"WebSite\",\"@id\":\"https:\/\/vamosdevaca.com\/23\/#website\",\"url\":\"https:\/\/vamosdevaca.com\/23\/\",\"name\":\"Dika Travel Per\u00fa\",\"description\":\"Agencia Mayorista de Turismo Receptivo\",\"publisher\":{\"@id\":\"https:\/\/vamosdevaca.com\/23\/#organization\"},\"potentialAction\":[{\"@type\":\"SearchAction\",\"target\":{\"@type\":\"EntryPoint\",\"urlTemplate\":\"https:\/\/vamosdevaca.com\/23\/?s={search_term_string}\"},\"query-input\":\"required name=search_term_string\"}],\"inLanguage\":\"es\"},{\"@type\":\"Organization\",\"@id\":\"https:\/\/vamosdevaca.com\/23\/#organization\",\"name\":\"Dika Travel Per\u00fa\",\"url\":\"https:\/\/vamosdevaca.com\/23\/\",\"logo\":{\"@type\":\"ImageObject\",\"inLanguage\":\"es\",\"@id\":\"https:\/\/vamosdevaca.com\/23\/#\/schema\/logo\/image\/\",\"url\":\"https:\/\/dikatravelperu.travel\/wp-content\/uploads\/2023\/01\/cropped-Dika-Travel-peru-1.jpg\",\"contentUrl\":\"https:\/\/dikatravelperu.travel\/wp-content\/uploads\/2023\/01\/cropped-Dika-Travel-peru-1.jpg\",\"width\":512,\"height\":512,\"caption\":\"Dika Travel Per\u00fa\"},\"image\":{\"@id\":\"https:\/\/vamosdevaca.com\/23\/#\/schema\/logo\/image\/\"}}]}<\/script>\n<!-- \/ Yoast SEO plugin. -->","yoast_head_json":{"title":"Curaka Nativo en Selva 04 D\u00edas \u2013 03 Noches V\u00eda Sky ( Ciudad-Selva) - Dika Travel Per\u00fa Dika Travel Per\u00fa %","description":"Curaka - Lluvia en el Rio una experiencia \u00fanica en medio de la selva tropical. Estos alojamientos se ubican en \u00e1reas remotas y proporcionan a los visitantes","robots":{"index":"index","follow":"follow","max-snippet":"max-snippet:-1","max-image-preview":"max-image-preview:large","max-video-preview":"max-video-preview:-1"},"canonical":"https:\/\/vamosdevaca.com\/23\/producto\/curaka-nativo-en-selva-04-dias-03-noches-via-sky-ciudad-selva\/","og_locale":"es_ES","og_type":"article","og_title":"Curaka Nativo en Selva 04 D\u00edas \u2013 03 Noches V\u00eda Sky ( Ciudad-Selva) - Dika Travel Per\u00fa Dika Travel Per\u00fa %","og_description":"Curaka - Lluvia en el Rio una experiencia \u00fanica en medio de la selva tropical. Estos alojamientos se ubican en \u00e1reas remotas y proporcionan a los visitantes","og_url":"https:\/\/vamosdevaca.com\/23\/producto\/curaka-nativo-en-selva-04-dias-03-noches-via-sky-ciudad-selva\/","og_site_name":"Dika Travel Per\u00fa","article_modified_time":"2023-09-01T21:36:42+00:00","og_image":[{"width":612,"height":454,"url":"https:\/\/vamosdevaca.com\/23\/wp-content\/uploads\/2023\/09\/CURAKA12345.jpg","type":"image\/jpeg"}],"twitter_card":"summary_large_image","twitter_misc":{"Tiempo de lectura":"1 minuto"},"schema":{"@context":"https:\/\/schema.org","@graph":[{"@type":"WebPage","@id":"https:\/\/vamosdevaca.com\/23\/producto\/curaka-nativo-en-selva-04-dias-03-noches-via-sky-ciudad-selva\/","url":"https:\/\/vamosdevaca.com\/23\/producto\/curaka-nativo-en-selva-04-dias-03-noches-via-sky-ciudad-selva\/","name":"Curaka Nativo en Selva 04 D\u00edas \u2013 03 Noches V\u00eda Sky ( Ciudad-Selva) - Dika Travel Per\u00fa Dika Travel Per\u00fa %","isPartOf":{"@id":"https:\/\/vamosdevaca.com\/23\/#website"},"datePublished":"2023-09-01T21:26:05+00:00","dateModified":"2023-09-01T21:36:42+00:00","description":"Curaka - Lluvia en el Rio una experiencia \u00fanica en medio de la selva tropical. Estos alojamientos se ubican en \u00e1reas remotas y proporcionan a los visitantes","breadcrumb":{"@id":"https:\/\/vamosdevaca.com\/23\/producto\/curaka-nativo-en-selva-04-dias-03-noches-via-sky-ciudad-selva\/#breadcrumb"},"inLanguage":"es","potentialAction":[{"@type":"ReadAction","target":["https:\/\/vamosdevaca.com\/23\/producto\/curaka-nativo-en-selva-04-dias-03-noches-via-sky-ciudad-selva\/"]}]},{"@type":"BreadcrumbList","@id":"https:\/\/vamosdevaca.com\/23\/producto\/curaka-nativo-en-selva-04-dias-03-noches-via-sky-ciudad-selva\/#breadcrumb","itemListElement":[{"@type":"ListItem","position":1,"name":"Portada","item":"https:\/\/vamosdevaca.com\/23\/"},{"@type":"ListItem","position":2,"name":"Tienda","item":"https:\/\/vamosdevaca.com\/23\/tienda\/"},{"@type":"ListItem","position":3,"name":"Curaka Nativo en Selva 04 D\u00edas \u2013 03 Noches V\u00eda Sky ( Ciudad-Selva)"}]},{"@type":"WebSite","@id":"https:\/\/vamosdevaca.com\/23\/#website","url":"https:\/\/vamosdevaca.com\/23\/","name":"Dika Travel Per\u00fa","description":"Agencia Mayorista de Turismo Receptivo","publisher":{"@id":"https:\/\/vamosdevaca.com\/23\/#organization"},"potentialAction":[{"@type":"SearchAction","target":{"@type":"EntryPoint","urlTemplate":"https:\/\/vamosdevaca.com\/23\/?s={search_term_string}"},"query-input":"required name=search_term_string"}],"inLanguage":"es"},{"@type":"Organization","@id":"https:\/\/vamosdevaca.com\/23\/#organization","name":"Dika Travel Per\u00fa","url":"https:\/\/vamosdevaca.com\/23\/","logo":{"@type":"ImageObject","inLanguage":"es","@id":"https:\/\/vamosdevaca.com\/23\/#\/schema\/logo\/image\/","url":"https:\/\/dikatravelperu.travel\/wp-content\/uploads\/2023\/01\/cropped-Dika-Travel-peru-1.jpg","contentUrl":"https:\/\/dikatravelperu.travel\/wp-content\/uploads\/2023\/01\/cropped-Dika-Travel-peru-1.jpg","width":512,"height":512,"caption":"Dika Travel Per\u00fa"},"image":{"@id":"https:\/\/vamosdevaca.com\/23\/#\/schema\/logo\/image\/"}}]}},"_links":{"self":[{"href":"https:\/\/vamosdevaca.com\/23\/wp-json\/wp\/v2\/product\/6389","targetHints":{"allow":["GET"]}}],"collection":[{"href":"https:\/\/vamosdevaca.com\/23\/wp-json\/wp\/v2\/product"}],"about":[{"href":"https:\/\/vamosdevaca.com\/23\/wp-json\/wp\/v2\/types\/product"}],"wp:featuredmedia":[{"embeddable":true,"href":"https:\/\/vamosdevaca.com\/23\/wp-json\/wp\/v2\/media\/6392"}],"wp:attachment":[{"href":"https:\/\/vamosdevaca.com\/23\/wp-json\/wp\/v2\/media?parent=6389"}],"wp:term":[{"taxonomy":"product_cat","embeddable":true,"href":"https:\/\/vamosdevaca.com\/23\/wp-json\/wp\/v2\/product_cat?post=6389"},{"taxonomy":"product_tag","embeddable":true,"href":"https:\/\/vamosdevaca.com\/23\/wp-json\/wp\/v2\/product_tag?post=6389"}],"curies":[{"name":"wp","href":"https:\/\/api.w.org\/{rel}","templated":true}]}}